{"id":14781,"date":"2014-12-17T09:01:31","date_gmt":"2014-12-17T09:01:31","guid":{"rendered":"https:\/\/the7.io\/news\/?page_id=14781"},"modified":"2026-02-20T12:20:08","modified_gmt":"2026-02-20T11:20:08","slug":"iscrizioni","status":"publish","type":"page","link":"https:\/\/congresso.aimn.it\/index.php\/iscrizioni\/","title":{"rendered":"Iscrizioni"},"content":{"rendered":"<div class=\"wpb-content-wrapper\"><p>[vc_row][vc_column]<div id=\"ultimate-heading-504869f408d1a40fe\" class=\"uvc-heading ult-adjust-bottom-margin ultimate-heading-504869f408d1a40fe uvc-4837  uvc-heading-default-font-sizes\" data-hspacer=\"icon_only\"  data-halign=\"center\" style=\"text-align:center\"><div class=\"uvc-main-heading ult-responsive\"  data-ultimate-target='.uvc-heading.ultimate-heading-504869f408d1a40fe h2'  data-responsive-json-new='{\"font-size\":\"\",\"line-height\":\"\"}' ><h2 style=\"--font-weight:theme;margin-bottom:20px;\">MODALIT\u00c0 DI ISCRIZIONE<\/h2><\/div><div class=\"uvc-heading-spacer icon_only\" style=\"margin-bottom:20px;\"><div class=\"ult-just-icon-wrapper  \"><div class=\"align-icon\" style=\"text-align:center;\">\n<div class=\"aio-icon advanced \"  style=\"color:#0467a3;border-style:dotted;border-color:#243d67;border-width:1px;width:50px;height:50px;line-height:50px;border-radius:500px;font-size:26px;display:inline-block;\">\n\t<i class=\"icomoon-the7-font-the7-arrow-05\"><\/i>\n<\/div><\/div><\/div><\/div><\/div>[vc_row_inner][vc_column_inner width=&#8221;1\/2&#8243;]<div class=\" vc_custom_1764598719412 ubtn-ctn-center \"><a class=\"ubtn-link ult-adjust-bottom-margin ubtn-center ubtn-large \" href=\"https:\/\/ems.mzevents.it\/start\/2515\/ita\" target=\"_blank\" rel=\"noopener\" ><button type=\"button\" id=\"ubtn-2467\"  class=\"ubtn ult-adjust-bottom-margin ult-responsive ubtn-large ubtn-no-hover-bg  none  ubtn-center   tooltip-69f408d1a4154\"  data-hover=\"\" data-border-color=\"\" data-bg=\"#0467a3\" data-hover-bg=\"\" data-border-hover=\"\" data-shadow-hover=\"\" data-shadow-click=\"none\" data-shadow=\"\" data-shd-shadow=\"\"  data-ultimate-target='#ubtn-2467'  data-responsive-json-new='{\"font-size\":\"desktop:18px;\",\"line-height\":\"\"}'  style=\"font-weight:bold;border:none;background: #0467a3;color: #ffffff;\"><span class=\"ubtn-hover\" style=\"background-color:\"><\/span><span class=\"ubtn-data ubtn-text \" >ISCRIZIONI CONGRESSO<\/span><\/button><\/a><\/div>[\/vc_column_inner][vc_column_inner width=&#8221;1\/2&#8243;]<div class=\" vc_custom_1764598729602 ubtn-ctn-center \"><a class=\"ubtn-link ult-adjust-bottom-margin ubtn-center ubtn-large \" href=\"https:\/\/ems.mzevents.it\/start\/2532\/ita\" target=\"_blank\" rel=\"noopener\" ><button type=\"button\" id=\"ubtn-7093\"  class=\"ubtn ult-adjust-bottom-margin ult-responsive ubtn-large ubtn-no-hover-bg  none  ubtn-center   tooltip-69f408d1a4199\"  data-hover=\"\" data-border-color=\"\" data-bg=\"#0467a3\" data-hover-bg=\"\" data-border-hover=\"\" data-shadow-hover=\"\" data-shadow-click=\"none\" data-shadow=\"\" data-shd-shadow=\"\"  data-ultimate-target='#ubtn-7093'  data-responsive-json-new='{\"font-size\":\"desktop:18px;\",\"line-height\":\"\"}'  style=\"font-weight:bold;border:none;background: #0467a3;color: #ffffff;\"><span class=\"ubtn-hover\" style=\"background-color:\"><\/span><span class=\"ubtn-data ubtn-text \" >ISCRIZIONI CORSO TSRM e INFERMIERI<\/span><\/button><\/a><\/div>[\/vc_column_inner][\/vc_row_inner]<div id=\"ultimate-heading-318769f408d1a4221\" class=\"uvc-heading ult-adjust-bottom-margin ultimate-heading-318769f408d1a4221 uvc-2476  uvc-heading-default-font-sizes\" data-hspacer=\"icon_only\"  data-halign=\"center\" style=\"text-align:center\"><div class=\"uvc-main-heading ult-responsive\"  data-ultimate-target='.uvc-heading.ultimate-heading-318769f408d1a4221 h2'  data-responsive-json-new='{\"font-size\":\"\",\"line-height\":\"\"}' ><h2 style=\"--font-weight:theme;margin-top:30px;margin-bottom:20px;\">QUOTE D\u2019ISCRIZIONE AL CONGRESSO<\/h2><\/div><div class=\"uvc-heading-spacer icon_only\" style=\"margin-bottom:20px;\"><div class=\"ult-just-icon-wrapper  \"><div class=\"align-icon\" style=\"text-align:center;\">\n<div class=\"aio-icon advanced \"  style=\"color:#0467a3;border-style:dotted;border-color:#243d67;border-width:1px;width:50px;height:50px;line-height:50px;border-radius:500px;font-size:26px;display:inline-block;\">\n\t<i class=\"icomoon-the7-font-the7-arrow-05\"><\/i>\n<\/div><\/div><\/div><\/div><div class=\"uvc-sub-heading ult-responsive\"  data-ultimate-target='.uvc-heading.ultimate-heading-318769f408d1a4221 .uvc-sub-heading '  data-responsive-json-new='{\"font-size\":\"\",\"line-height\":\"\"}'  style=\"font-weight:normal;margin-bottom:50px;\"><\/p>\n<table style=\"height: 519px;\" width=\"669\">\n<tbody>\n<tr>\n<td width=\"149\"><strong>CATEGORIA<\/strong><\/td>\n<td width=\"72\"><strong>ENTRO IL 20\/03\/2026<\/strong><\/td>\n<td width=\"60\"><strong>IVA <\/strong><strong>22%<\/strong><\/td>\n<td width=\"60\"><strong>TOTALE<\/strong><\/td>\n<td width=\"65\"><strong>DOPO IL 20\/03\/2026<\/strong><\/td>\n<td width=\"67\"><strong>IVA <\/strong><strong>22%<\/strong><\/td>\n<td width=\"89\"><strong>TOTALE<\/strong><\/td>\n<\/tr>\n<tr>\n<td width=\"149\">A &#8211; SOCIO AIMN<\/td>\n<td width=\"72\">\u20ac 300,00<\/td>\n<td width=\"60\">Esente<\/td>\n<td width=\"60\">\u20ac 300,00<\/td>\n<td width=\"65\">\u20ac 350,00<\/td>\n<td width=\"67\">Esente<\/td>\n<td width=\"89\">\u20ac 350,00<\/td>\n<\/tr>\n<tr>\n<td width=\"149\">A2 &#8211; SOCIO AIMN CHE NECESSITA DI FATTURA<\/td>\n<td width=\"72\">\u20ac 303,27<\/td>\n<td width=\"60\">\u20ac 66,73<\/td>\n<td width=\"60\">\u20ac 370,00<\/td>\n<td width=\"65\">\u20ac 352,45<\/td>\n<td width=\"67\">\u20ac 77,55<\/td>\n<td width=\"89\">\u20ac 430,00<\/td>\n<\/tr>\n<tr>\n<td width=\"149\">B &#8211; NON SOCIO<\/td>\n<td width=\"72\">\u20ac 450,82<\/td>\n<td width=\"60\">\u20ac 99,18<\/td>\n<td width=\"60\">\u20ac 550,00<\/td>\n<td width=\"65\">\u20ac 500,00<\/td>\n<td width=\"67\">\u20ac 110,00<\/td>\n<td width=\"89\">\u20ac 610,00<\/td>\n<\/tr>\n<tr>\n<td width=\"149\">C* &#8211; SOCIO UNDER 34<\/td>\n<td width=\"72\">\u20ac 100,00<\/td>\n<td width=\"60\">Esente<\/td>\n<td width=\"60\">\u20ac 100,00<\/td>\n<td width=\"65\">\u20ac 100,00<\/td>\n<td width=\"67\">Esente<\/td>\n<td width=\"89\">\u20ac 100,00<\/td>\n<\/tr>\n<tr>\n<td width=\"149\">C2*- SOCIO UNDER 34 CHE NECESSITA DI FATTURA<\/td>\n<td width=\"72\">\u20ac 100,00<\/td>\n<td width=\"60\">\u20ac 22,00<\/td>\n<td width=\"60\">\u20ac 122,00<\/td>\n<td width=\"65\">\u20ac 100,00<\/td>\n<td width=\"67\">\u20ac 22,00<\/td>\n<td width=\"89\">\u20ac 122,00<\/td>\n<\/tr>\n<tr>\n<td width=\"149\">D* &#8211; NON SOCIO UNDER 34<\/td>\n<td width=\"72\">\u20ac 200,82<\/td>\n<td width=\"60\">\u20ac 44,18<\/td>\n<td width=\"60\">\u20ac 245,00<\/td>\n<td width=\"65\">\u20ac 200,82<\/td>\n<td width=\"67\">\u20ac 44,18<\/td>\n<td width=\"89\">\u20ac 245,00<\/td>\n<\/tr>\n<\/tbody>\n<\/table>\n<p><\/div><\/div><div id=\"ultimate-heading-294569f408d1a42a1\" class=\"uvc-heading ult-adjust-bottom-margin ultimate-heading-294569f408d1a42a1 uvc-2915  uvc-heading-default-font-sizes\" data-hspacer=\"icon_only\"  data-halign=\"center\" style=\"text-align:center\"><div class=\"uvc-main-heading ult-responsive\"  data-ultimate-target='.uvc-heading.ultimate-heading-294569f408d1a42a1 h2'  data-responsive-json-new='{\"font-size\":\"\",\"line-height\":\"\"}' ><h2 style=\"--font-weight:theme;margin-top:30px;margin-bottom:20px;\">QUOTE D\u2019ISCRIZIONE AL CORSO TSRM e INFERMIERI<\/h2><\/div><div class=\"uvc-heading-spacer icon_only\" style=\"margin-bottom:20px;\"><div class=\"ult-just-icon-wrapper  \"><div class=\"align-icon\" style=\"text-align:center;\">\n<div class=\"aio-icon advanced \"  style=\"color:#0467a3;border-style:dotted;border-color:#243d67;border-width:1px;width:50px;height:50px;line-height:50px;border-radius:500px;font-size:26px;display:inline-block;\">\n\t<i class=\"icomoon-the7-font-the7-arrow-05\"><\/i>\n<\/div><\/div><\/div><\/div><div class=\"uvc-sub-heading ult-responsive\"  data-ultimate-target='.uvc-heading.ultimate-heading-294569f408d1a42a1 .uvc-sub-heading '  data-responsive-json-new='{\"font-size\":\"\",\"line-height\":\"\"}'  style=\"font-weight:normal;margin-bottom:50px;\"><\/p>\n<table style=\"height: 519px;\" width=\"669\">\n<tbody>\n<tr>\n<td width=\"149\"><strong>CATEGORIA<\/strong><\/td>\n<td width=\"72\"><strong>ENTRO IL 20\/03\/2026<\/strong><\/td>\n<td width=\"60\"><strong>IVA <\/strong><strong>22%<\/strong><\/td>\n<td width=\"60\"><strong>TOTALE<\/strong><\/td>\n<td width=\"65\"><strong>DOPO IL 20\/03\/2026<\/strong><\/td>\n<td width=\"67\"><strong>IVA <\/strong><strong>22%<\/strong><\/td>\n<td width=\"89\"><strong>TOTALE<\/strong><\/td>\n<\/tr>\n<tr>\n<td width=\"149\">E &#8211; TSRM ISCRITTO ALLA SEZIONE AIMN<\/td>\n<td width=\"72\">\u20ac 53,28<\/td>\n<td width=\"60\">\u20ac 11,72<\/td>\n<td width=\"60\">\u20ac 65,00<\/td>\n<td width=\"65\">\u20ac 102,45<\/td>\n<td width=\"67\">\u20ac 22,55<\/td>\n<td width=\"89\">\u20ac 125,00<\/td>\n<\/tr>\n<tr>\n<td width=\"149\">F &#8211; TSRM NON ISCRITTO ALLA SEZIONE AIMN<\/td>\n<td width=\"72\">\u20ac 102,45<\/td>\n<td width=\"60\">\u20ac 22,55<\/td>\n<td width=\"60\">\u20ac 125,00<\/td>\n<td width=\"65\">\u20ac 151,63<\/td>\n<td width=\"67\">\u20ac 33,37<\/td>\n<td width=\"89\">\u20ac 185,00<\/td>\n<\/tr>\n<tr>\n<td width=\"149\">G &#8211; INFERMIERI<\/td>\n<td width=\"72\">\u20ac 53,28<\/td>\n<td width=\"60\">\u20ac 11,72<\/td>\n<td width=\"60\">\u20ac 65,00<\/td>\n<td width=\"65\">\u20ac 102,45<\/td>\n<td width=\"67\">\u20ac 22,55<\/td>\n<td width=\"89\">\u20ac 125,00<\/td>\n<\/tr>\n<\/tbody>\n<\/table>\n<p><\/div><\/div>[vc_column_text css=&#8221;&#8221;]*e specializzandi di tutte le et\u00e0<\/p>\n<p>NB. I Soci delle Societ\u00e0 affiliate alla FIDESMAR (AINR,AIRB, AIRO, SIRM), ai Soci AIFM, e ai Soci GICR, in regola con l\u2019iscrizione alla rispettiva Associazione, potranno iscriversi al Congresso usufruendo della \u201cQuota Socio AIMN che necessita di fattura\u201d (A2 o C2). E\u2019 necessario allegare prova della regolarit\u00e0 di iscrizione.<\/p>\n<p><strong>LA QUOTA D\u2019ISCRIZIONE D\u00c0 DIRITTO A:<\/strong><br \/>\n&#8211; partecipare gratuitamente a uno o pi\u00f9 Corsi FAD ECM, inerenti i temi del Congresso, organizzato da AIMN Provider per l\u2019anno 2025\/2026<br \/>\n&#8211; ricevere la borsa contenente il materiale congressuale<br \/>\n&#8211; partecipare alle sessioni scientifiche<br \/>\n&#8211; ricevere l\u2019attestato di partecipazione<br \/>\n&#8211; presentare contributi scientifici[\/vc_column_text][\/vc_column][\/vc_row][vc_row][vc_column][vc_row_inner][vc_column_inner width=&#8221;1\/2&#8243;]<div id=\"ultimate-heading-891469f408d1a42d6\" class=\"uvc-heading ult-adjust-bottom-margin ultimate-heading-891469f408d1a42d6 uvc-5837  uvc-heading-default-font-sizes\" data-hspacer=\"no_spacer\"  data-halign=\"left\" style=\"text-align:left\"><div class=\"uvc-heading-spacer no_spacer\" style=\"top\"><\/div><div class=\"uvc-main-heading ult-responsive\"  data-ultimate-target='.uvc-heading.ultimate-heading-891469f408d1a42d6 h4'  data-responsive-json-new='{\"font-size\":\"\",\"line-height\":\"\"}' ><h4 style=\"--font-weight:theme;margin-top:30px;\">MODALIT\u00c0 DI PAGAMENTO<\/h4><\/div><div class=\"uvc-sub-heading ult-responsive\"  data-ultimate-target='.uvc-heading.ultimate-heading-891469f408d1a42d6 .uvc-sub-heading '  data-responsive-json-new='{\"font-size\":\"\",\"line-height\":\"\"}'  style=\"font-weight:normal;margin-bottom:30px;\">Una volta compilata la scheda on line, e raggiunto il capitolo 4, relativo al pagamento, \u00e8 possibile proseguire in due modi:<\/div><\/div><div class=\"standard-arrow list-divider bullet-top\"><ul>\n<li><strong>1. Bonifico bancario <\/strong><br \/>\nBeneficiario:<br \/>\nMZ Events srl<br \/>\nBanca Sella spa, Viale Piave 4, Milano<br \/>\nIBAN: IT 12Q0326801605052839885680<br \/>\ncausale: AIMN BARI 26-100 + Cognome Nome del partecipante<br \/>\nCopia del documento contabile deve essere inviata secondo le modalit\u00e0 indicate nella mail di conferma, che sar\u00e0 inoltrata una volta completata l\u2019iscrizione.<\/li>\n<li><strong>2. Carta di credito<\/strong><\/li>\n<\/ul>\n<\/div>[vc_column_text]Il pagamento dell\u2019iscrizione, relativo a tutte le categorie, dovr\u00e0 essere effettuato alla Segreteria Organizzativa MZ Events che provveder\u00e0 ad emettere regolare fattura o ricevuta per i Soci AIMN. Una volta emesso il documento (fattura o ricevuta), non sar\u00e0 possibile richiedere in seguito la sostituzione.[\/vc_column_text][\/vc_column_inner][vc_column_inner width=&#8221;1\/2&#8243;]<div id=\"ultimate-heading-279969f408d1a4386\" class=\"uvc-heading ult-adjust-bottom-margin ultimate-heading-279969f408d1a4386 uvc-6127  uvc-heading-default-font-sizes\" data-hspacer=\"no_spacer\"  data-halign=\"left\" style=\"text-align:left\"><div class=\"uvc-heading-spacer no_spacer\" style=\"top\"><\/div><div class=\"uvc-main-heading ult-responsive\"  data-ultimate-target='.uvc-heading.ultimate-heading-279969f408d1a4386 h4'  data-responsive-json-new='{\"font-size\":\"\",\"line-height\":\"\"}' ><h4 style=\"--font-weight:theme;margin-top:30px;\">ISCRIZIONI A CARICO DI ASL O AZIENDE OSPEDALIERE<\/h4><\/div><div class=\"uvc-sub-heading ult-responsive\"  data-ultimate-target='.uvc-heading.ultimate-heading-279969f408d1a4386 .uvc-sub-heading '  data-responsive-json-new='{\"font-size\":\"\",\"line-height\":\"\"}'  style=\"font-weight:normal;margin-bottom:30px;\">Qualora l&#8217;ASL\/A.O. non fosse in grado di effettuare il pagamento congiuntamente all&#8217;invio della scheda di iscrizione, la quota dovr\u00e0 essere anticipata dal partecipante.<br \/>\nSar\u00e0 inviata fattura quietanzata intestata alla ASL\/A.O. Indicare, nella scheda di iscrizione l&#8217;esenzione dell&#8217;aliquota IVA in base all&#8217;art. 14, ove previsto.<\/div><\/div><div id=\"ultimate-heading-629169f408d1a43bd\" class=\"uvc-heading ult-adjust-bottom-margin ultimate-heading-629169f408d1a43bd uvc-7123  uvc-heading-default-font-sizes\" data-hspacer=\"no_spacer\"  data-halign=\"left\" style=\"text-align:left\"><div class=\"uvc-heading-spacer no_spacer\" style=\"top\"><\/div><div class=\"uvc-main-heading ult-responsive\"  data-ultimate-target='.uvc-heading.ultimate-heading-629169f408d1a43bd h4'  data-responsive-json-new='{\"font-size\":\"\",\"line-height\":\"\"}' ><h4 style=\"--font-weight:theme;margin-top:30px;\">CONDIZIONI DI CANCELLAZIONE<\/h4><\/div><div class=\"uvc-sub-heading ult-responsive\"  data-ultimate-target='.uvc-heading.ultimate-heading-629169f408d1a43bd .uvc-sub-heading '  data-responsive-json-new='{\"font-size\":\"\",\"line-height\":\"\"}'  style=\"font-weight:normal;margin-bottom:30px;\">Le cancellazioni dovranno essere comunicate alla Segreteria Organizzativa MZ Events tramite posta elettronica o via fax, unitamente all&#8217;indicazione dei DATI BANCARI necessari per effettuare il rimborso (Banca, intestatario, Codice IBAN). Per le cancellazioni che perverranno entro il 15 Aprile 2026 sar\u00e0 trattenuto il 20% delle quota a titolo di spese di segreteria. Non saranno rimborsate quote di iscrizione non utilizzate per le quali non sia pervenuta la relativa cancellazione entro i termini sopra indicati.<\/div><\/div><div id=\"ultimate-heading-6769f408d1a43e7\" class=\"uvc-heading ult-adjust-bottom-margin ultimate-heading-6769f408d1a43e7 uvc-22  uvc-heading-default-font-sizes\" data-hspacer=\"no_spacer\"  data-halign=\"left\" style=\"text-align:left\"><div class=\"uvc-heading-spacer no_spacer\" style=\"top\"><\/div><div class=\"uvc-main-heading ult-responsive\"  data-ultimate-target='.uvc-heading.ultimate-heading-6769f408d1a43e7 h4'  data-responsive-json-new='{\"font-size\":\"\",\"line-height\":\"\"}' ><h4 style=\"--font-weight:theme;margin-top:30px;\">EDUCATIONAL GRANT<\/h4><\/div><div class=\"uvc-sub-heading ult-responsive\"  data-ultimate-target='.uvc-heading.ultimate-heading-6769f408d1a43e7 .uvc-sub-heading '  data-responsive-json-new='{\"font-size\":\"\",\"line-height\":\"\"}'  style=\"font-weight:normal;margin-bottom:30px;\"><strong>SPONSORIZZAZIONE ISCRIZIONI DA PARTE DI AZIENDE ADERENTI AL CODICE ETICO MEDTECH EUROPE ed ASSOBIOMEDICA<\/strong><br \/>\nVi informiamo che con l\u2019entrata in vigore del Codice Etico Assobiomedica e MedTech Europe, essendo vietato l\u2019invito diretto da parte delle aziende associate Assobiomedica\/Medtech, la partecipazione dei professionisti al Congresso AIMN potr\u00e0 avvenire medicante educational grants.<br \/>\nProvvederemo a contattare gli Enti Sanitari, secondo le profilazioni che ci verranno comunicate dalle aziende, per avere i nominativi dei professionisti a cui destinare i pacchetti formativi.<br \/>\nI destinatari individuati, riceveranno una comunicazione da parte della segreteria organizzativa MZ, con le informazioni relative alla tipologia del pacchetto assegnato.<\/div><\/div>[\/vc_column_inner][\/vc_row_inner][\/vc_column][\/vc_row][vc_row][vc_column][\/vc_column][\/vc_row][vc_row disable_element=&#8221;yes&#8221;][vc_column]<div id=\"ultimate-heading-884969f408d1a4457\" class=\"uvc-heading ult-adjust-bottom-margin ultimate-heading-884969f408d1a4457 uvc-8726  uvc-heading-default-font-sizes\" data-hspacer=\"icon_only\"  data-halign=\"center\" style=\"text-align:center\"><div class=\"uvc-main-heading ult-responsive\"  data-ultimate-target='.uvc-heading.ultimate-heading-884969f408d1a4457 h2'  data-responsive-json-new='{\"font-size\":\"\",\"line-height\":\"\"}' ><h2 style=\"--font-weight:theme;\">MODALIT\u00c0 DI ISCRIZIONE<\/h2><\/div><div class=\"uvc-heading-spacer icon_only\" style=\"margin-bottom:20px;\"><div class=\"ult-just-icon-wrapper  \"><div class=\"align-icon\" style=\"text-align:center;\">\n<div class=\"aio-icon advanced \"  style=\"color:#0467a3;border-style:dotted;border-color:#243d67;border-width:1px;width:50px;height:50px;line-height:50px;border-radius:500px;font-size:26px;display:inline-block;\">\n\t<i class=\"icomoon-the7-font-the7-arrow-05\"><\/i>\n<\/div><\/div><\/div><\/div><div class=\"uvc-sub-heading ult-responsive\"  data-ultimate-target='.uvc-heading.ultimate-heading-884969f408d1a4457 .uvc-sub-heading '  data-responsive-json-new='{\"font-size\":\"\",\"line-height\":\"\"}'  style=\"font-weight:normal;\"><\/p>\n<h4><strong>Le iscrizioni online sono chiuse.<\/strong><\/h4>\n<p>Sar\u00e0 possibile iscriversi direttamente in sede congressuale presso la Segreteria Organizzativa nei seguenti giorni e orari:<\/p>\n<p>Gioved\u00ec 12 maggio\u00a0\u00a0\u00a0\u00a0\u00a0\u00a0 15.00 &#8211; 19.30<\/p>\n<p>Venerd\u00ec 13 maggio\u00a0\u00a0\u00a0\u00a0\u00a0\u00a0 08.30 &#8211; 17.30<\/p>\n<p>Sabato 14 maggio\u00a0\u00a0\u00a0\u00a0\u00a0\u00a0\u00a0\u00a0 08.30 &#8211; 17.30<\/p>\n<p>Domenica 15 maggio\u00a0 \u00a0 \u00a0 \u00a0 08.30 &#8211; 13.30<\/div><\/div><div id=\"ultimate-heading-562769f408d1a4487\" class=\"uvc-heading ult-adjust-bottom-margin ultimate-heading-562769f408d1a4487 uvc-5046  uvc-heading-default-font-sizes\" data-hspacer=\"no_spacer\"  data-halign=\"left\" style=\"text-align:left\"><div class=\"uvc-heading-spacer no_spacer\" style=\"top\"><\/div><div class=\"uvc-main-heading ult-responsive\"  data-ultimate-target='.uvc-heading.ultimate-heading-562769f408d1a4487 h4'  data-responsive-json-new='{\"font-size\":\"\",\"line-height\":\"\"}' ><h4 style=\"--font-weight:theme;margin-top:30px;\">CENA SOCIALE<\/h4><\/div><div class=\"uvc-sub-heading ult-responsive\"  data-ultimate-target='.uvc-heading.ultimate-heading-562769f408d1a4487 .uvc-sub-heading '  data-responsive-json-new='{\"font-size\":\"\",\"line-height\":\"\"}'  style=\"font-weight:normal;margin-bottom:30px;\">Per acquistare il ticket per la Cena Sociale che si terr\u00e0 Venerd\u00ec 13 maggio presso il Grand Hotel di Rimini puoi seguire le seguenti indicazioni.<\/p>\n<p>&nbsp;<\/p>\n<p><strong>SE NON TI SEI ANCORA ISCRITTO AL CONGRESSO:<\/strong><\/p>\n<p>Aggiungi il servizio in fase di iscrizione e poi completa la registrazione al Congresso.<\/p>\n<p>Il sistema invier\u00e0 tramite e-mail un\u2019unica fattura di acquisto per chi lo richiede, oppure la ricevuta per la quota d\u2019iscrizione e la fattura per l\u2019importo della cena.<\/p>\n<p>&nbsp;<\/p>\n<p><strong>SE TI SEI GIA\u2019 ISCRITTO O SEI STATO ISCRITTO DA UN\u2019AZIENDA AL CONGRESSO:<\/strong><\/p>\n<ul>\n<li>Clicca qui: <a href=\"https:\/\/ems.mzcongressi.com\/start\/1817\">https:\/\/ems.mzcongressi.com\/start\/1817<\/a><\/li>\n<li>Accedi con le tue credenziali (se non le conosci puoi mandare una mail di richiesta a <a href=\"mailto:iscriaimn2022@mzevents.it\">iscriaimn2022@mzevents.it<\/a>)<\/li>\n<li>Nella sezione \u201cScelta dei servizi\u201d clicca su \u201cAggiungi\u201d<\/li>\n<li>Seleziona la Cena Sociale<\/li>\n<li>Indica i dati di fatturazione e il metodo di pagamento<\/li>\n<li>Ti arriver\u00e0 tramite e-mail la fattura dell\u2019acquisto effettuato<\/li>\n<\/ul>\n<p><\/div><\/div><div class=\" vc_custom_1651834463538 ubtn-ctn-center \"><a class=\"ubtn-link ult-adjust-bottom-margin ubtn-center ubtn-large \" href=\"https:\/\/ems.mzcongressi.com\/start\/1817\" target=\"_blank\" rel=\"noopener\" ><button type=\"button\" id=\"ubtn-6636\"  class=\"ubtn ult-adjust-bottom-margin ult-responsive ubtn-large ubtn-no-hover-bg  none  ubtn-center   tooltip-69f408d1a44af\"  data-hover=\"\" data-border-color=\"\" data-bg=\"#0467a3\" data-hover-bg=\"\" data-border-hover=\"\" data-shadow-hover=\"\" data-shadow-click=\"none\" data-shadow=\"\" data-shd-shadow=\"\"  data-ultimate-target='#ubtn-6636'  data-responsive-json-new='{\"font-size\":\"desktop:22px;\",\"line-height\":\"\"}'  style=\"font-weight:bold;border:none;background: #0467a3;color: #ffffff;\"><span class=\"ubtn-hover\" style=\"background-color:\"><\/span><span class=\"ubtn-data ubtn-text \" >ISCRIZIONI ONLINE CHIUSE<\/span><\/button><\/a><\/div>[\/vc_column][\/vc_row]<\/p>\n<\/div>","protected":false},"excerpt":{"rendered":"<p>[vc_row][vc_column][vc_row_inner][vc_column_inner width=&#8221;1\/2&#8243;][\/vc_column_inner][vc_column_inner width=&#8221;1\/2&#8243;][\/vc_column_inner][\/vc_row_inner][vc_column_text css=&#8221;&#8221;]*e specializzandi di tutte le et\u00e0 NB. I Soci delle Societ\u00e0 affiliate alla FIDESMAR (AINR,AIRB, AIRO, SIRM), ai Soci AIFM, e ai Soci GICR, in regola con l\u2019iscrizione alla rispettiva Associazione, potranno iscriversi al Congresso usufruendo della \u201cQuota Socio AIMN che necessita di fattura\u201d (A2 o C2). E\u2019 necessario allegare prova della&hellip;<\/p>\n","protected":false},"author":1,"featured_media":0,"parent":0,"menu_order":130,"comment_status":"closed","ping_status":"closed","template":"","meta":{"footnotes":""},"class_list":["post-14781","page","type-page","status-publish","hentry","description-off"],"_links":{"self":[{"href":"https:\/\/congresso.aimn.it\/index.php\/wp-json\/wp\/v2\/pages\/14781","targetHints":{"allow":["GET"]}}],"collection":[{"href":"https:\/\/congresso.aimn.it\/index.php\/wp-json\/wp\/v2\/pages"}],"about":[{"href":"https:\/\/congresso.aimn.it\/index.php\/wp-json\/wp\/v2\/types\/page"}],"author":[{"embeddable":true,"href":"https:\/\/congresso.aimn.it\/index.php\/wp-json\/wp\/v2\/users\/1"}],"replies":[{"embeddable":true,"href":"https:\/\/congresso.aimn.it\/index.php\/wp-json\/wp\/v2\/comments?post=14781"}],"version-history":[{"count":7,"href":"https:\/\/congresso.aimn.it\/index.php\/wp-json\/wp\/v2\/pages\/14781\/revisions"}],"predecessor-version":[{"id":16331,"href":"https:\/\/congresso.aimn.it\/index.php\/wp-json\/wp\/v2\/pages\/14781\/revisions\/16331"}],"wp:attachment":[{"href":"https:\/\/congresso.aimn.it\/index.php\/wp-json\/wp\/v2\/media?parent=14781"}],"curies":[{"name":"wp","href":"https:\/\/api.w.org\/{rel}","templated":true}]}}